{"id":25533,"date":"2024-07-12T18:22:58","date_gmt":"2024-07-12T16:22:58","guid":{"rendered":"https:\/\/www.levicoacque.it\/informationen-zur-verarbeitung-von-lieferantenpersonenbezogenen-daten\/"},"modified":"2024-07-15T15:22:34","modified_gmt":"2024-07-15T13:22:34","slug":"informationen-zur-verarbeitung-von-lieferantenpersonenbezogenen-daten","status":"publish","type":"page","link":"https:\/\/www.levicoacque.it\/de\/informationen-zur-verarbeitung-von-lieferantenpersonenbezogenen-daten\/","title":{"rendered":"Informationen zur Verarbeitung von Lieferantenpersonenbezogenen Daten"},"content":{"rendered":"\n<h2 class=\"wp-block-heading\"><strong>Informationen zur Verarbeitung von Lieferantenpersonenbezogenen Daten <\/strong><\/h2>\n<div class=\"wp-block-spacer\" style=\"height: 50px;\" aria-hidden=\"true\"> <\/div>\n\n<p>In \u00dcbereinstimmung mit den Grunds\u00e4tzen der Fairness, Rechtm\u00e4\u00dfigkeit, Transparenz, Vertraulichkeitsschutz und den Rechten der betroffenen Person bez\u00fcglich der Verarbeitung ihrer Daten gem\u00e4\u00df Artikel 13 der EU-Verordnung 2016\/679 werden die folgenden Informationen bereitgestellt. <\/p>\n\n<p><strong>DATENVERANTWORTLICHER <\/strong><\/p>\n\n<p>Der Datenverantwortliche ist LEVICO ACQUE S.B. S.R.L., vertreten durch den gesetzlichen Vertreter <em>pro tempore<\/em>, mit Sitz in Piazzale Stazione, 6 &#8211; 38056 Levico Terme (TN), E-Mail: <a href=\"mailto:info@levicoacque.it\">info@levicoacque.it<\/a>, PEC: <a href=\"mailto:levicoacque@pec.tn.it\">levicoacque@pec.tn.it<\/a>, Telefon +39 0461\/702311. <\/p>\n\n<p><strong>ZWECK UND RECHTSGRUNDLAGE DER VERARBEITUNG <\/strong><\/p>\n\n<p>Die bereitgestellten personenbezogenen Daten k\u00f6nnen f\u00fcr folgende Zwecke verarbeitet werden: <\/p>\n\n<ul class=\"wp-block-list\">\n<li>Durchf\u00fchrung des angeforderten Dienstes; <\/li>\n<\/ul>\n\n<ul class=\"wp-block-list\">\n<li>Verwaltung der Vertragsbeziehung und der damit verbundenen Verpflichtungen; <\/li>\n<\/ul>\n\n<ul class=\"wp-block-list\">\n<li>administrative und buchhalterische Zwecke; <\/li>\n<\/ul>\n\n<ul class=\"wp-block-list\">\n<li>Erf\u00fcllung von gesetzlichen Verpflichtungen, Vorschriften und\/oder einer Anordnung der Beh\u00f6rde; <\/li>\n<\/ul>\n\n<ul class=\"wp-block-list\">\n<li>Aus\u00fcbung der Rechte des Datenverantwortlichen (z. B. Recht auf Verteidigung vor Gericht). <\/li>\n<\/ul>\n\n<p>Die Rechtsgrundlage der Verarbeitung basiert auf der Durchf\u00fchrung des Vertrags und der damit verbundenen Verpflichtungen sowie dem berechtigten Interesse des Datenverantwortlichen. <\/p>\n\n<p><strong>ART DER DATENVERARBEITUNG UND ENTSCHEIDUNGSPROZESS ODER PROFILIERUNG <\/strong><\/p>\n\n<p>Die Verarbeitung erfolgt auch mit Hilfe elektronischer und\/oder automatisierter Mittel und in \u00dcbereinstimmung mit den geltenden gesetzlichen Bestimmungen werden alle geeigneten Sicherheitsma\u00dfnahmen getroffen, um die Vertraulichkeit, Integrit\u00e4t und Genauigkeit der Daten zu gew\u00e4hrleisten. <\/p>\n\n<p>Der Datenverantwortliche verwendet keine Entscheidungsprozesse zur Profilierung im Zusammenhang mit personenbezogenen Daten. <\/p>\n\n<p><strong>EMPF\u00c4NGER UND KATEGORIEN VON EMPF\u00c4NGERN PERSONENBEZOGENER DATEN <\/strong><\/p>\n\n<p>Die Daten werden von Mitarbeitern und anderen Personen verarbeitet, die vom Datenverantwortlichen zur Durchf\u00fchrung seiner T\u00e4tigkeiten erm\u00e4chtigt wurden, sowie von Dritten, die Outsourcing-T\u00e4tigkeiten im Auftrag des Datenverantwortlichen als externe Datenverarbeiter durchf\u00fchren. <\/p>\n\n<p><strong>ORT DER DATENVERARBEITUNG <\/strong><\/p>\n\n<p>Personenbezogene Daten werden grunds\u00e4tzlich innerhalb der Europ\u00e4ischen Union verarbeitet. Einige Anwendungen der vom Datenverantwortlichen verwendeten Dienste k\u00f6nnen jedoch die \u00dcbermittlung personenbezogener Daten in die Vereinigten Staaten beinhalten. Diese Verarbeitung ist gem\u00e4\u00df Artikel 45 der EU-Verordnung 2016\/679 durch eine Angemessenheitsentscheidung der Europ\u00e4ischen Kommission legitimiert. Falls erforderlich, hat der Datenverantwortliche das Recht, seine IT-Archive in andere Nicht-EU-L\u00e4nder zu verlegen, wobei sichergestellt wird, dass die \u00dcbertragung von Daten au\u00dferhalb der EU nur in L\u00e4nder erfolgt, die ein Schutzniveau bieten, das den in den geltenden Vorschriften festgelegten Standards entspricht, gem\u00e4\u00df den Artikeln 45, 46 und 49 der EU-Verordnung 2016\/679. Ue 2016\/679. <\/p>\n\n<p><strong>NATUR DER BEREITSTELLUNG <\/strong><\/p>\n\n<p>Die Bereitstellung von Daten ist freiwillig; jedoch macht die Nichtbereitstellung der Daten, die f\u00fcr die Ausf\u00fchrung des Vertrags oder der angeforderten Dienstleistung erforderlich sind, deren Umsetzung unm\u00f6glich. <\/p>\n\n<p><strong>DAUER DER DATENSPEICHERUNG <\/strong><\/p>\n\n<p>Die Daten werden f\u00fcr den Zeitraum verarbeitet, der als notwendig erachtet wird, um die oben genannten Zwecke zu erf\u00fcllen, und gem\u00e4\u00df den geltenden steuerrechtlichen Bestimmungen. <\/p>\n\n<p><strong>RECHTE DER BETROFFENEN PERSON BEZ\u00dcGLICH DER DATENVERARBEITUNG <\/strong><\/p>\n\n<p>Gem\u00e4\u00df den Artikeln <strong>15<\/strong>, <strong>16<\/strong>, <strong>17<\/strong>, <strong>18<\/strong>, <strong>19<\/strong>, <strong>20<\/strong>, <strong>21<\/strong> und <strong>77<\/strong> der EU-Verordnung wird die betroffene Person dar\u00fcber informiert, dass: <\/p>\n\n<ul class=\"wp-block-list\">\n<li>sie das Recht hat, Zugang zu personenbezogenen Daten zu verlangen, die Berichtigung, L\u00f6schung derselben oder die Einschr\u00e4nkung der Verarbeitung in Bezug auf sie oder Einspruch gegen deren Verarbeitung zu erheben, sowie die \u00dcbertragung ihrer Daten an einen anderen Datenverantwortlichen zu verlangen, wo zutreffend; <\/li>\n<\/ul>\n\n<ul class=\"wp-block-list\">\n<li>alle Berichtigungen oder L\u00f6schungen oder Einschr\u00e4nkungen der Verarbeitung, die auf Antrag der betroffenen Person vorgenommen werden &#8211; es sei denn, dies erweist sich als unm\u00f6glich oder erfordert einen unverh\u00e4ltnism\u00e4\u00dfigen Aufwand &#8211; werden von der Unterzeichnenden an jeden der Verarbeiter mitgeteilt, an die die personenbezogenen Daten \u00fcbermittelt wurden; <\/li>\n<\/ul>\n\n<ul class=\"wp-block-list\">\n<li>sie das Recht hat, bei der Datenschutzbeh\u00f6rde Beschwerde einzureichen, indem sie den Verfahren und Anweisungen folgt, die auf der offiziellen Website der Beh\u00f6rde unter www.garanteprivacy.it ver\u00f6ffentlicht sind. <\/li>\n<\/ul>\n\n<p>Die Aus\u00fcbung der Rechte unterliegt keinen Formzw\u00e4ngen und ist kostenlos. <\/p>\n\n<p>Informationen aktualisiert am 04\/06\/2024. <\/p>\n","protected":false},"excerpt":{"rendered":"<p>Informationen zur Verarbeitung von Lieferantenpersonenbezogenen Daten In \u00dcbereinstimmung mit den Grunds\u00e4tzen der Fairness, Rechtm\u00e4\u00dfigkeit, Transparenz, Vertraulichkeitsschutz und den Rechten der betroffenen Person bez\u00fcglich der Verarbeitung ihrer Daten gem\u00e4\u00df Artikel 13<\/p>\n","protected":false},"author":2,"featured_media":0,"parent":0,"menu_order":0,"comment_status":"closed","ping_status":"closed","template":"","meta":{"_acf_changed":false,"footnotes":""},"class_list":["post-25533","page","type-page","status-publish","hentry"],"acf":[],"yoast_head":"<!-- This site is optimized with the Yoast SEO plugin v27.4 - https:\/\/yoast.com\/product\/yoast-seo-wordpress\/ -->\n<title>Informationen zur Verarbeitung von Lieferantenpersonenbezogenen Daten - Levico<\/title>\n<meta name=\"description\" content=\"Informationen zur Verarbeitung von Lieferantenpersonenbezogenen Daten Levico Acque S.B.\" \/>\n<meta name=\"robots\" content=\"index, follow, max-snippet:-1, max-image-preview:large, max-video-preview:-1\" \/>\n<link rel=\"canonical\" href=\"https:\/\/www.levicoacque.it\/de\/informationen-zur-verarbeitung-von-lieferantenpersonenbezogenen-daten\/\" \/>\n<meta property=\"og:locale\" content=\"de_DE\" \/>\n<meta property=\"og:type\" content=\"article\" \/>\n<meta property=\"og:title\" content=\"Informationen zur Verarbeitung von Lieferantenpersonenbezogenen Daten - Levico\" \/>\n<meta property=\"og:description\" content=\"Informationen zur Verarbeitung von Lieferantenpersonenbezogenen Daten Levico Acque S.B.\" \/>\n<meta property=\"og:url\" content=\"https:\/\/www.levicoacque.it\/de\/informationen-zur-verarbeitung-von-lieferantenpersonenbezogenen-daten\/\" \/>\n<meta property=\"og:site_name\" content=\"Levico\" \/>\n<meta property=\"article:modified_time\" content=\"2024-07-15T13:22:34+00:00\" \/>\n<meta name=\"twitter:card\" content=\"summary_large_image\" \/>\n<meta name=\"twitter:label1\" content=\"Gesch\u00e4tzte Lesezeit\" \/>\n\t<meta name=\"twitter:data1\" content=\"3\u00a0Minuten\" \/>\n<script type=\"application\/ld+json\" class=\"yoast-schema-graph\">{\"@context\":\"https:\\\/\\\/schema.org\",\"@graph\":[{\"@type\":\"WebPage\",\"@id\":\"https:\\\/\\\/www.levicoacque.it\\\/de\\\/informationen-zur-verarbeitung-von-lieferantenpersonenbezogenen-daten\\\/\",\"url\":\"https:\\\/\\\/www.levicoacque.it\\\/de\\\/informationen-zur-verarbeitung-von-lieferantenpersonenbezogenen-daten\\\/\",\"name\":\"Informationen zur Verarbeitung von Lieferantenpersonenbezogenen Daten - Levico\",\"isPartOf\":{\"@id\":\"https:\\\/\\\/www.levicoacque.it\\\/de\\\/#website\"},\"datePublished\":\"2024-07-12T16:22:58+00:00\",\"dateModified\":\"2024-07-15T13:22:34+00:00\",\"description\":\"Informationen zur Verarbeitung von Lieferantenpersonenbezogenen Daten Levico Acque S.B.\",\"breadcrumb\":{\"@id\":\"https:\\\/\\\/www.levicoacque.it\\\/de\\\/informationen-zur-verarbeitung-von-lieferantenpersonenbezogenen-daten\\\/#breadcrumb\"},\"inLanguage\":\"de\",\"potentialAction\":[{\"@type\":\"ReadAction\",\"target\":[\"https:\\\/\\\/www.levicoacque.it\\\/de\\\/informationen-zur-verarbeitung-von-lieferantenpersonenbezogenen-daten\\\/\"]}]},{\"@type\":\"BreadcrumbList\",\"@id\":\"https:\\\/\\\/www.levicoacque.it\\\/de\\\/informationen-zur-verarbeitung-von-lieferantenpersonenbezogenen-daten\\\/#breadcrumb\",\"itemListElement\":[{\"@type\":\"ListItem\",\"position\":1,\"name\":\"Home\",\"item\":\"https:\\\/\\\/www.levicoacque.it\\\/de\\\/home\\\/\"},{\"@type\":\"ListItem\",\"position\":2,\"name\":\"Informationen zur Verarbeitung von Lieferantenpersonenbezogenen Daten\"}]},{\"@type\":\"WebSite\",\"@id\":\"https:\\\/\\\/www.levicoacque.it\\\/de\\\/#website\",\"url\":\"https:\\\/\\\/www.levicoacque.it\\\/de\\\/\",\"name\":\"Levico\",\"description\":\"Acqua Levico, acqua minerale pura e leggerissima\",\"potentialAction\":[{\"@type\":\"SearchAction\",\"target\":{\"@type\":\"EntryPoint\",\"urlTemplate\":\"https:\\\/\\\/www.levicoacque.it\\\/de\\\/?s={search_term_string}\"},\"query-input\":{\"@type\":\"PropertyValueSpecification\",\"valueRequired\":true,\"valueName\":\"search_term_string\"}}],\"inLanguage\":\"de\"}]}<\/script>\n<!-- \/ Yoast SEO plugin. -->","yoast_head_json":{"title":"Informationen zur Verarbeitung von Lieferantenpersonenbezogenen Daten - Levico","description":"Informationen zur Verarbeitung von Lieferantenpersonenbezogenen Daten Levico Acque S.B.","robots":{"index":"index","follow":"follow","max-snippet":"max-snippet:-1","max-image-preview":"max-image-preview:large","max-video-preview":"max-video-preview:-1"},"canonical":"https:\/\/www.levicoacque.it\/de\/informationen-zur-verarbeitung-von-lieferantenpersonenbezogenen-daten\/","og_locale":"de_DE","og_type":"article","og_title":"Informationen zur Verarbeitung von Lieferantenpersonenbezogenen Daten - Levico","og_description":"Informationen zur Verarbeitung von Lieferantenpersonenbezogenen Daten Levico Acque S.B.","og_url":"https:\/\/www.levicoacque.it\/de\/informationen-zur-verarbeitung-von-lieferantenpersonenbezogenen-daten\/","og_site_name":"Levico","article_modified_time":"2024-07-15T13:22:34+00:00","twitter_card":"summary_large_image","twitter_misc":{"Gesch\u00e4tzte Lesezeit":"3\u00a0Minuten"},"schema":{"@context":"https:\/\/schema.org","@graph":[{"@type":"WebPage","@id":"https:\/\/www.levicoacque.it\/de\/informationen-zur-verarbeitung-von-lieferantenpersonenbezogenen-daten\/","url":"https:\/\/www.levicoacque.it\/de\/informationen-zur-verarbeitung-von-lieferantenpersonenbezogenen-daten\/","name":"Informationen zur Verarbeitung von Lieferantenpersonenbezogenen Daten - Levico","isPartOf":{"@id":"https:\/\/www.levicoacque.it\/de\/#website"},"datePublished":"2024-07-12T16:22:58+00:00","dateModified":"2024-07-15T13:22:34+00:00","description":"Informationen zur Verarbeitung von Lieferantenpersonenbezogenen Daten Levico Acque S.B.","breadcrumb":{"@id":"https:\/\/www.levicoacque.it\/de\/informationen-zur-verarbeitung-von-lieferantenpersonenbezogenen-daten\/#breadcrumb"},"inLanguage":"de","potentialAction":[{"@type":"ReadAction","target":["https:\/\/www.levicoacque.it\/de\/informationen-zur-verarbeitung-von-lieferantenpersonenbezogenen-daten\/"]}]},{"@type":"BreadcrumbList","@id":"https:\/\/www.levicoacque.it\/de\/informationen-zur-verarbeitung-von-lieferantenpersonenbezogenen-daten\/#breadcrumb","itemListElement":[{"@type":"ListItem","position":1,"name":"Home","item":"https:\/\/www.levicoacque.it\/de\/home\/"},{"@type":"ListItem","position":2,"name":"Informationen zur Verarbeitung von Lieferantenpersonenbezogenen Daten"}]},{"@type":"WebSite","@id":"https:\/\/www.levicoacque.it\/de\/#website","url":"https:\/\/www.levicoacque.it\/de\/","name":"Levico","description":"Acqua Levico, acqua minerale pura e leggerissima","potentialAction":[{"@type":"SearchAction","target":{"@type":"EntryPoint","urlTemplate":"https:\/\/www.levicoacque.it\/de\/?s={search_term_string}"},"query-input":{"@type":"PropertyValueSpecification","valueRequired":true,"valueName":"search_term_string"}}],"inLanguage":"de"}]}},"_links":{"self":[{"href":"https:\/\/www.levicoacque.it\/de\/wp-json\/wp\/v2\/pages\/25533","targetHints":{"allow":["GET"]}}],"collection":[{"href":"https:\/\/www.levicoacque.it\/de\/wp-json\/wp\/v2\/pages"}],"about":[{"href":"https:\/\/www.levicoacque.it\/de\/wp-json\/wp\/v2\/types\/page"}],"author":[{"embeddable":true,"href":"https:\/\/www.levicoacque.it\/de\/wp-json\/wp\/v2\/users\/2"}],"replies":[{"embeddable":true,"href":"https:\/\/www.levicoacque.it\/de\/wp-json\/wp\/v2\/comments?post=25533"}],"version-history":[{"count":5,"href":"https:\/\/www.levicoacque.it\/de\/wp-json\/wp\/v2\/pages\/25533\/revisions"}],"predecessor-version":[{"id":25549,"href":"https:\/\/www.levicoacque.it\/de\/wp-json\/wp\/v2\/pages\/25533\/revisions\/25549"}],"wp:attachment":[{"href":"https:\/\/www.levicoacque.it\/de\/wp-json\/wp\/v2\/media?parent=25533"}],"curies":[{"name":"wp","href":"https:\/\/api.w.org\/{rel}","templated":true}]}}